{"id":1378,"date":"2022-09-05T09:31:10","date_gmt":"2022-09-05T09:31:10","guid":{"rendered":"https:\/\/www.mutter-kind-betreuung.de\/?page_id=1378"},"modified":"2024-09-30T18:23:15","modified_gmt":"2024-09-30T18:23:15","slug":"ergotherapeutin-ergotherapeut","status":"publish","type":"page","link":"https:\/\/www.mutter-kind-betreuung.de\/?page_id=1378","title":{"rendered":"Ergotherapeut\/in (w\/m\/d)"},"content":{"rendered":"\t\t<div data-elementor-type=\"wp-page\" data-elementor-id=\"1378\" class=\"elementor elementor-1378\">\n\t\t\t\t\t\t<section class=\"elementor-section elementor-top-section elementor-element elementor-element-b38ebe0 elementor-section-boxed elementor-section-height-default elementor-section-height-default\" data-id=\"b38ebe0\" data-element_type=\"section\" data-e-type=\"section\">\n\t\t\t\t\t\t<div class=\"elementor-container elementor-column-gap-default\">\n\t\t\t\t\t<div class=\"elementor-column elementor-col-100 elementor-top-column elementor-element elementor-element-76c3619\" data-id=\"76c3619\" data-element_type=\"column\" data-e-type=\"column\">\n\t\t\t<div class=\"elementor-widget-wrap elementor-element-populated\">\n\t\t\t\t\t\t<div class=\"elementor-element elementor-element-671c8fb elementor-widget elementor-widget-text-editor\" data-id=\"671c8fb\" data-element_type=\"widget\" data-e-type=\"widget\" data-widget_type=\"text-editor.default\">\n\t\t\t\t<div class=\"elementor-widget-container\">\n\t\t\t\t\t\t\t\t\t<p style=\"color: #242424; font-size: 12pt; font-family: Aptos, sans-serif; margin-bottom: 0px;\"><b><span style=\"border: 0px; font-style: inherit; font-variant: inherit; font-weight: inherit; font-stretch: inherit; font-size: 11pt; line-height: inherit; font-family: inherit; font-optical-sizing: inherit; font-size-adjust: inherit; font-kerning: inherit; font-feature-settings: inherit; font-variation-settings: inherit; margin: 0px; padding: 0px; vertical-align: baseline; color: inherit;\">WIR SUCHEN DICH!<\/span><\/b><\/p><p style=\"color: #242424; font-size: 12pt; font-family: Aptos, sans-serif; margin-bottom: 0px;\"><b><span style=\"border: 0px; font-style: inherit; font-variant: inherit; font-weight: inherit; font-stretch: inherit; font-size: 11pt; line-height: inherit; font-family: inherit; font-optical-sizing: inherit; font-size-adjust: inherit; font-kerning: inherit; font-feature-settings: inherit; font-variation-settings: inherit; margin: 0px; padding: 0px; vertical-align: baseline; color: inherit;\">Ergotherapeut\/in<\/span><\/b><\/p><p style=\"color: #242424; font-size: 12pt; font-family: Aptos, sans-serif; margin-bottom: 0px;\"><span style=\"border: 0px; font-style: inherit; font-variant: inherit; font-weight: inherit; font-stretch: inherit; font-size: 11pt; line-height: inherit; font-family: inherit; font-optical-sizing: inherit; font-size-adjust: inherit; font-kerning: inherit; font-feature-settings: inherit; font-variation-settings: inherit; margin: 0px; padding: 0px; vertical-align: baseline; color: inherit;\">Vollzeit 40h oder Teilzeit 20-30h<\/span><\/p><p style=\"color: #242424; font-size: 12pt; font-family: Aptos, sans-serif; margin-bottom: 0px;\"><span style=\"border: 0px; font-style: inherit; font-variant: inherit; font-weight: inherit; font-stretch: inherit; font-size: 11pt; line-height: inherit; font-family: inherit; font-optical-sizing: inherit; font-size-adjust: inherit; font-kerning: inherit; font-feature-settings: inherit; font-variation-settings: inherit; margin: 0px; padding: 0px; vertical-align: baseline; color: inherit;\">\u00a0<\/span><\/p><p style=\"color: #242424; font-size: 12pt; font-family: Aptos, sans-serif; margin-bottom: 0px;\"><b><span style=\"border: 0px; font-style: inherit; font-variant: inherit; font-weight: inherit; font-stretch: inherit; font-size: 11pt; line-height: inherit; font-family: inherit; font-optical-sizing: inherit; font-size-adjust: inherit; font-kerning: inherit; font-feature-settings: inherit; font-variation-settings: inherit; margin: 0px; padding: 0px; vertical-align: baseline; color: inherit;\">Wer wir sind:<\/span><\/b><\/p><p style=\"color: #242424; font-size: 12pt; font-family: Aptos, sans-serif; margin-bottom: 0px;\"><span style=\"border: 0px; font-style: inherit; font-variant: inherit; font-weight: inherit; font-stretch: inherit; font-size: 11pt; line-height: inherit; font-family: inherit; font-optical-sizing: inherit; font-size-adjust: inherit; font-kerning: inherit; font-feature-settings: inherit; font-variation-settings: inherit; margin: 0px; padding: 0px; vertical-align: baseline; color: inherit;\">Die Mutter-Kind-Einrichtung ist eine sozialp\u00e4dagogische Einrichtung der freien Jugendhilfe, die sich von ihrer Betreuungsausrichtung als eine Einrichtung versteht, die sozialp\u00e4dagogische und therapeutische Angebote vorh\u00e4lt. Diese sind auf die Bed\u00fcrfnisse von (werdenden) M\u00fcttern und Kindern &#8211; auch in schwierigsten Lebenssituationen ausgerichtet.<\/span><\/p><p style=\"color: #242424; font-size: 12pt; font-family: Aptos, sans-serif; margin-bottom: 0px;\"><span style=\"border: 0px; font-style: inherit; font-variant: inherit; font-weight: inherit; font-stretch: inherit; font-size: 11pt; line-height: inherit; font-family: inherit; font-optical-sizing: inherit; font-size-adjust: inherit; font-kerning: inherit; font-feature-settings: inherit; font-variation-settings: inherit; margin: 0px; padding: 0px; vertical-align: baseline; color: inherit;\">Die Einrichtung verf\u00fcgt \u00fcber 58 vollstation\u00e4re Pl\u00e4tze f\u00fcr M\u00fctter und ihre Kinder, welche sich auf sechs homogen zusammengesetzte Wohngruppen aufteilen.<\/span><\/p><p style=\"color: #242424; font-size: 12pt; font-family: Aptos, sans-serif; margin-bottom: 0px;\"><span style=\"border: 0px; font-style: inherit; font-variant: inherit; font-weight: inherit; font-stretch: inherit; font-size: 11pt; line-height: inherit; font-family: inherit; font-optical-sizing: inherit; font-size-adjust: inherit; font-kerning: inherit; font-feature-settings: inherit; font-variation-settings: inherit; margin: 0px; padding: 0px; vertical-align: baseline; color: inherit;\">\u00a0<\/span><\/p><p style=\"color: #242424; font-size: 12pt; font-family: Aptos, sans-serif; margin-bottom: 0px;\"><span style=\"border: 0px; font-style: inherit; font-variant: inherit; font-weight: inherit; font-stretch: inherit; font-size: 11pt; line-height: inherit; font-family: inherit; font-optical-sizing: inherit; font-size-adjust: inherit; font-kerning: inherit; font-feature-settings: inherit; font-variation-settings: inherit; margin: 0px; padding: 0px; vertical-align: baseline; color: inherit;\">D<\/span><span style=\"border: 0px; font-style: inherit; font-variant: inherit; font-stretch: inherit; font-size: 11pt; line-height: inherit; font-family: inherit; font-optical-sizing: inherit; font-size-adjust: inherit; font-kerning: inherit; font-feature-settings: inherit; font-variation-settings: inherit; margin: 0px; padding: 0px; vertical-align: baseline; color: inherit;\">u hast Lust in einem<span style=\"font-weight: inherit;\">sozialen, jungen und modernen Team zu arbeiten? Du m\u00f6chtest gerne in einem abwechslungsreichen<\/span><br \/><span style=\"font-weight: inherit;\">Bereich t\u00e4tig sein und dich mit deinem Knowhow und deinen Ideen einbringen?<\/span><br \/><span style=\"font-weight: inherit;\">Dann bist Du bei uns genau richtig!<\/span><\/span><\/p><p style=\"color: #242424; font-size: 12pt; font-family: Aptos, sans-serif; margin-bottom: 0px;\"><span style=\"border: 0px; font-style: inherit; font-variant: inherit; font-weight: inherit; font-stretch: inherit; font-size: 11pt; line-height: inherit; font-family: inherit; font-optical-sizing: inherit; font-size-adjust: inherit; font-kerning: inherit; font-feature-settings: inherit; font-variation-settings: inherit; margin: 0px; padding: 0px; vertical-align: baseline; color: inherit;\">\u00a0<\/span><\/p><p style=\"color: #242424; font-size: 12pt; font-family: Aptos, sans-serif; margin-bottom: 0px;\"><b><span style=\"border: 0px; font-style: inherit; font-variant: inherit; font-weight: inherit; font-stretch: inherit; font-size: 11pt; line-height: inherit; font-family: inherit; font-optical-sizing: inherit; font-size-adjust: inherit; font-kerning: inherit; font-feature-settings: inherit; font-variation-settings: inherit; margin: 0px; padding: 0px; vertical-align: baseline; color: inherit;\">Deine Aufgaben:<\/span><\/b><\/p><p style=\"color: #242424; font-size: 12pt; font-family: Aptos, sans-serif; margin-bottom: 0px;\"><span style=\"border: 0px; font-style: inherit; font-variant: inherit; font-weight: inherit; font-stretch: inherit; font-size: 11pt; line-height: inherit; font-family: inherit; font-optical-sizing: inherit; font-size-adjust: inherit; font-kerning: inherit; font-feature-settings: inherit; font-variation-settings: inherit; margin: 0px; padding: 0px; vertical-align: baseline; color: inherit;\">Einzel- und Gruppenangebote eigenverantwortlich planen und durchf\u00fchren<\/span><\/p><p style=\"color: #242424; font-size: 12pt; font-family: Aptos, sans-serif; margin-bottom: 0px;\"><span style=\"border: 0px; font-style: inherit; font-variant: inherit; font-weight: inherit; font-stretch: inherit; font-size: 11pt; line-height: inherit; font-family: inherit; font-optical-sizing: inherit; font-size-adjust: inherit; font-kerning: inherit; font-feature-settings: inherit; font-variation-settings: inherit; margin: 0px; padding: 0px; vertical-align: baseline; color: inherit;\">Begleitung und Unterst\u00fctzung von Menschen mit psychischen und psychosomatischen Einschr\u00e4nkungen im Rahmen des ergotherapeutischen Settings<\/span><\/p><p style=\"color: #242424; font-size: 12pt; font-family: Aptos, sans-serif; margin-bottom: 0px;\"><span style=\"border: 0px; font-style: inherit; font-variant: inherit; font-weight: inherit; font-stretch: inherit; font-size: 11pt; line-height: inherit; font-family: inherit; font-optical-sizing: inherit; font-size-adjust: inherit; font-kerning: inherit; font-feature-settings: inherit; font-variation-settings: inherit; margin: 0px; padding: 0px; vertical-align: baseline; color: inherit;\">Klienten- und zielorientiertes Arbeiten<\/span><\/p><p style=\"color: #242424; font-size: 12pt; font-family: Aptos, sans-serif; margin-bottom: 0px;\"><span style=\"border: 0px; font-style: inherit; font-variant: inherit; font-weight: inherit; font-stretch: inherit; font-size: 11pt; line-height: inherit; font-family: inherit; font-optical-sizing: inherit; font-size-adjust: inherit; font-kerning: inherit; font-feature-settings: inherit; font-variation-settings: inherit; margin: 0px; padding: 0px; vertical-align: baseline; color: inherit;\">Mitwirkung bei der Weiterentwicklung der ergotherapeutischen Angebote<\/span><\/p><p style=\"color: #242424; font-size: 12pt; font-family: Aptos, sans-serif; margin-bottom: 0px;\"><span style=\"border: 0px; font-style: inherit; font-variant: inherit; font-weight: inherit; font-stretch: inherit; font-size: 11pt; line-height: inherit; font-family: inherit; font-optical-sizing: inherit; font-size-adjust: inherit; font-kerning: inherit; font-feature-settings: inherit; font-variation-settings: inherit; margin: 0px; padding: 0px; vertical-align: baseline; color: inherit;\">\u00a0<\/span><\/p><p style=\"color: #242424; font-size: 12pt; font-family: Aptos, sans-serif; margin-bottom: 0px;\"><b><span style=\"border: 0px; font-style: inherit; font-variant: inherit; font-weight: inherit; font-stretch: inherit; font-size: 11pt; line-height: inherit; font-family: inherit; font-optical-sizing: inherit; font-size-adjust: inherit; font-kerning: inherit; font-feature-settings: inherit; font-variation-settings: inherit; margin: 0px; padding: 0px; vertical-align: baseline; color: inherit;\">Das bringst du mit:<\/span><\/b><\/p><p style=\"color: #242424; font-size: 12pt; font-family: Aptos, sans-serif; margin-bottom: 0px;\"><span style=\"border: 0px; font-style: inherit; font-variant: inherit; font-weight: inherit; font-stretch: inherit; font-size: 11pt; line-height: inherit; font-family: inherit; font-optical-sizing: inherit; font-size-adjust: inherit; font-kerning: inherit; font-feature-settings: inherit; font-variation-settings: inherit; margin: 0px; padding: 0px; vertical-align: baseline; color: inherit;\">Du bist staatlich anerkannte:r Ergotherapeut:in<\/span><\/p><p style=\"color: #242424; font-size: 12pt; font-family: Aptos, sans-serif; margin-bottom: 0px;\"><span style=\"border: 0px; font-style: inherit; font-variant: inherit; font-weight: inherit; font-stretch: inherit; font-size: 11pt; line-height: inherit; font-family: inherit; font-optical-sizing: inherit; font-size-adjust: inherit; font-kerning: inherit; font-feature-settings: inherit; font-variation-settings: inherit; margin: 0px; padding: 0px; vertical-align: baseline; color: inherit;\">Verantwortungsbewusstsein und Wertsch\u00e4tzung f\u00fcr die Dir anvertrauten Menschen<\/span><\/p><p style=\"color: #242424; font-size: 12pt; font-family: Aptos, sans-serif; margin-bottom: 0px;\"><span style=\"border: 0px; font-style: inherit; font-variant: inherit; font-weight: inherit; font-stretch: inherit; font-size: 11pt; line-height: inherit; font-family: inherit; font-optical-sizing: inherit; font-size-adjust: inherit; font-kerning: inherit; font-feature-settings: inherit; font-variation-settings: inherit; margin: 0px; padding: 0px; vertical-align: baseline; color: inherit;\">Kommunikative F\u00e4higkeiten, Kontakt- und Teamf\u00e4higkeit, soziale Kompetenz<\/span><\/p><p style=\"color: #242424; font-size: 12pt; font-family: Aptos, sans-serif; margin-bottom: 0px;\"><span style=\"border: 0px; font-style: inherit; font-variant: inherit; font-weight: inherit; font-stretch: inherit; font-size: 11pt; line-height: inherit; font-family: inherit; font-optical-sizing: inherit; font-size-adjust: inherit; font-kerning: inherit; font-feature-settings: inherit; font-variation-settings: inherit; margin: 0px; padding: 0px; vertical-align: baseline; color: inherit;\">Hohe Zuverl\u00e4ssigkeit und Motivation<\/span><\/p><p style=\"color: #242424; font-size: 12pt; font-family: Aptos, sans-serif; margin-bottom: 0px;\"><span style=\"border: 0px; font-style: inherit; font-variant: inherit; font-weight: inherit; font-stretch: inherit; font-size: 11pt; line-height: inherit; font-family: inherit; font-optical-sizing: inherit; font-size-adjust: inherit; font-kerning: inherit; font-feature-settings: inherit; font-variation-settings: inherit; margin: 0px; padding: 0px; vertical-align: baseline; color: inherit;\">\u00a0<\/span><\/p><p style=\"color: #242424; font-size: 12pt; font-family: Aptos, sans-serif; margin-bottom: 0px;\"><b><span style=\"border: 0px; font-style: inherit; font-variant: inherit; font-weight: inherit; font-stretch: inherit; font-size: 11pt; line-height: inherit; font-family: inherit; font-optical-sizing: inherit; font-size-adjust: inherit; font-kerning: inherit; font-feature-settings: inherit; font-variation-settings: inherit; margin: 0px; padding: 0px; vertical-align: baseline; color: inherit;\">Das erwartet dich:<\/span><\/b><\/p><p style=\"color: #242424; font-size: 12pt; font-family: Aptos, sans-serif; margin-bottom: 0px;\"><span style=\"border: 0px; font-style: inherit; font-variant: inherit; font-weight: inherit; font-stretch: inherit; font-size: 11pt; line-height: inherit; font-family: inherit; font-optical-sizing: inherit; font-size-adjust: inherit; font-kerning: inherit; font-feature-settings: inherit; font-variation-settings: inherit; margin: 0px; padding: 0px; vertical-align: baseline; color: inherit;\">Eine interessante, verantwortungsvolle T\u00e4tigkeit<\/span><\/p><p style=\"color: #242424; font-size: 12pt; font-family: Aptos, sans-serif; margin-bottom: 0px;\"><span style=\"border: 0px; font-style: inherit; font-variant: inherit; font-weight: inherit; font-stretch: inherit; font-size: 11pt; line-height: inherit; font-family: inherit; font-optical-sizing: inherit; font-size-adjust: inherit; font-kerning: inherit; font-feature-settings: inherit; font-variation-settings: inherit; margin: 0px; padding: 0px; vertical-align: baseline; color: inherit;\">Mitarbeiterorientiertes Familienunternehmen<\/span><\/p><p style=\"color: #242424; font-size: 12pt; font-family: Aptos, sans-serif; margin-bottom: 0px;\"><span style=\"border: 0px; font-style: inherit; font-variant: inherit; font-weight: inherit; font-stretch: inherit; font-size: 11pt; line-height: inherit; font-family: inherit; font-optical-sizing: inherit; font-size-adjust: inherit; font-kerning: inherit; font-feature-settings: inherit; font-variation-settings: inherit; margin: 0px; padding: 0px; vertical-align: baseline; color: inherit;\">Flache Hierarchien, kurze Entscheidungswege und direkte Kommunikation<\/span><\/p><p style=\"color: #242424; font-size: 12pt; font-family: Aptos, sans-serif; margin-bottom: 0px;\"><span style=\"border: 0px; font-style: inherit; font-variant: inherit; font-weight: inherit; font-stretch: inherit; font-size: 11pt; line-height: inherit; font-family: inherit; font-optical-sizing: inherit; font-size-adjust: inherit; font-kerning: inherit; font-feature-settings: inherit; font-variation-settings: inherit; margin: 0px; padding: 0px; vertical-align: baseline; color: inherit;\">Individuelle Weiterbildungsm\u00f6glichkeiten<\/span><\/p><p style=\"color: #242424; font-size: 12pt; font-family: Aptos, sans-serif; margin-bottom: 0px;\"><span style=\"border: 0px; font-style: inherit; font-variant: inherit; font-weight: inherit; font-stretch: inherit; font-size: 11pt; line-height: inherit; font-family: inherit; font-optical-sizing: inherit; font-size-adjust: inherit; font-kerning: inherit; font-feature-settings: inherit; font-variation-settings: inherit; margin: 0px; padding: 0px; vertical-align: baseline; color: inherit;\">Flexible Arbeitszeiten\/ Arbeitszeitmodelle<\/span><\/p><p style=\"color: #242424; font-size: 12pt; font-family: Aptos, sans-serif; margin-bottom: 0px;\"><span style=\"border: 0px; font-style: inherit; font-variant: inherit; font-weight: inherit; font-stretch: inherit; font-size: 11pt; line-height: inherit; font-family: inherit; font-optical-sizing: inherit; font-size-adjust: inherit; font-kerning: inherit; font-feature-settings: inherit; font-variation-settings: inherit; margin: 0px; padding: 0px; vertical-align: baseline; color: inherit;\">Attraktives Gehalt und Sonderzahlungen<\/span><\/p><p style=\"color: #242424; font-size: 12pt; font-family: Aptos, sans-serif; margin-bottom: 0px;\"><span style=\"border: 0px; font-style: inherit; font-variant: inherit; font-weight: inherit; font-stretch: inherit; font-size: 11pt; line-height: inherit; font-family: inherit; font-optical-sizing: inherit; font-size-adjust: inherit; font-kerning: inherit; font-feature-settings: inherit; font-variation-settings: inherit; margin: 0px; padding: 0px; vertical-align: baseline; color: inherit;\">30 Tage Urlaub<\/span><\/p><p style=\"color: #242424; font-size: 12pt; font-family: Aptos, sans-serif; margin-bottom: 0px;\"><span style=\"border: 0px; font-style: inherit; font-variant: inherit; font-weight: inherit; font-stretch: inherit; font-size: 11pt; line-height: inherit; font-family: inherit; font-optical-sizing: inherit; font-size-adjust: inherit; font-kerning: inherit; font-feature-settings: inherit; font-variation-settings: inherit; margin: 0px; padding: 0px; vertical-align: baseline; color: inherit;\">Betriebsrente<\/span><\/p><p style=\"color: #242424; font-size: 12pt; font-family: Aptos, sans-serif; margin-bottom: 0px;\"><span style=\"border: 0px; font-style: inherit; font-variant: inherit; font-weight: inherit; font-stretch: inherit; font-size: 11pt; line-height: inherit; font-family: inherit; font-optical-sizing: inherit; font-size-adjust: inherit; font-kerning: inherit; font-feature-settings: inherit; font-variation-settings: inherit; margin: 0px; padding: 0px; vertical-align: baseline; color: inherit;\">Zuschuss zu deiner Fitnessmitgliedschaft<\/span><\/p><p style=\"color: #242424; font-size: 12pt; font-family: Aptos, sans-serif; margin-bottom: 0px;\"><span style=\"border: 0px; font-style: inherit; font-variant: inherit; font-weight: inherit; font-stretch: inherit; font-size: 11pt; line-height: inherit; font-family: inherit; font-optical-sizing: inherit; font-size-adjust: inherit; font-kerning: inherit; font-feature-settings: inherit; font-variation-settings: inherit; margin: 0px; padding: 0px; vertical-align: baseline; color: inherit;\">Ein unbefristetes Arbeitsverh\u00e4ltnis<\/span><\/p><p style=\"color: #242424; font-size: 12pt; font-family: Aptos, sans-serif; margin-bottom: 0px;\"><span style=\"border: 0px; font-style: inherit; font-variant: inherit; font-weight: inherit; font-stretch: inherit; font-size: 11pt; line-height: inherit; font-family: inherit; font-optical-sizing: inherit; font-size-adjust: inherit; font-kerning: inherit; font-feature-settings: inherit; font-variation-settings: inherit; margin: 0px; padding: 0px; vertical-align: baseline; color: inherit;\">\u00a0<\/span><\/p><p style=\"color: #242424; font-size: 12pt; font-family: Aptos, sans-serif; margin-bottom: 0px;\"><b><span style=\"border: 0px; font-style: inherit; font-variant: inherit; font-weight: inherit; font-stretch: inherit; font-size: 11pt; line-height: inherit; font-family: inherit; font-optical-sizing: inherit; font-size-adjust: inherit; font-kerning: inherit; font-feature-settings: inherit; font-variation-settings: inherit; margin: 0px; padding: 0px; vertical-align: baseline; color: inherit;\">Wir freuen uns auf deine Bewerbung mit Angabe zu Deinem m\u00f6glichen Eintrittstermin.<\/span><\/b><\/p>\t\t\t\t\t\t\t\t<\/div>\n\t\t\t\t<\/div>\n\t\t\t\t\t<\/div>\n\t\t<\/div>\n\t\t\t\t\t<\/div>\n\t\t<\/section>\n\t\t\t\t<section class=\"elementor-section elementor-top-section elementor-element elementor-element-7af43fc elementor-section-boxed elementor-section-height-default elementor-section-height-default\" data-id=\"7af43fc\" data-element_type=\"section\" data-e-type=\"section\">\n\t\t\t\t\t\t<div class=\"elementor-container elementor-column-gap-default\">\n\t\t\t\t\t<div class=\"elementor-column elementor-col-66 elementor-top-column elementor-element elementor-element-dd7265b\" data-id=\"dd7265b\" data-element_type=\"column\" data-e-type=\"column\">\n\t\t\t<div class=\"elementor-widget-wrap elementor-element-populated\">\n\t\t\t\t\t\t<div class=\"elementor-element elementor-element-81cb36c elementor-widget elementor-widget-text-editor\" data-id=\"81cb36c\" data-element_type=\"widget\" data-e-type=\"widget\" data-widget_type=\"text-editor.default\">\n\t\t\t\t<div class=\"elementor-widget-container\">\n\t\t\t\t\t\t\t\t\t<p><span style=\"letter-spacing: 0px;\">Herrn Benjamin Brandt<\/span><\/p><p>Schlochauer Str. 7 <br \/>29313 Hamb\u00fchren <br \/>Tel.: 05084 988000<br \/><strong><span style=\"font-size: 9pt;\">Bewerbungen@Mutter-Kind-Betreuung.de<\/span><br \/><\/strong><\/p>\t\t\t\t\t\t\t\t<\/div>\n\t\t\t\t<\/div>\n\t\t\t\t\t<\/div>\n\t\t<\/div>\n\t\t\t\t<div class=\"elementor-column elementor-col-33 elementor-top-column elementor-element elementor-element-04542d4\" data-id=\"04542d4\" data-element_type=\"column\" data-e-type=\"column\">\n\t\t\t<div class=\"elementor-widget-wrap elementor-element-populated\">\n\t\t\t\t\t\t<div class=\"elementor-element elementor-element-c3c4a6a elementor-widget elementor-widget-spacer\" data-id=\"c3c4a6a\" data-element_type=\"widget\" data-e-type=\"widget\" data-widget_type=\"spacer.default\">\n\t\t\t\t<div class=\"elementor-widget-container\">\n\t\t\t\t\t\t\t<div class=\"elementor-spacer\">\n\t\t\t<div class=\"elementor-spacer-inner\"><\/div>\n\t\t<\/div>\n\t\t\t\t\t\t<\/div>\n\t\t\t\t<\/div>\n\t\t\t\t<div class=\"elementor-element elementor-element-aeea87e elementor-align-right elementor-widget elementor-widget-button\" data-id=\"aeea87e\" data-element_type=\"widget\" data-e-type=\"widget\" data-widget_type=\"button.default\">\n\t\t\t\t<div class=\"elementor-widget-container\">\n\t\t\t\t\t\t\t\t\t<div class=\"elementor-button-wrapper\">\n\t\t\t\t\t<a class=\"elementor-button elementor-button-link elementor-size-sm\" href=\"mailto:Mutter-Kind-Einrichtung.de\">\n\t\t\t\t\t\t<span class=\"elementor-button-content-wrapper\">\n\t\t\t\t\t\t<span class=\"elementor-button-icon\">\n\t\t\t\t<i aria-hidden=\"true\" class=\"fas fa-mail-bulk\"><\/i>\t\t\t<\/span>\n\t\t\t\t\t\t\t\t\t<span class=\"elementor-button-text\">Jetzt bewerben<\/span>\n\t\t\t\t\t<\/span>\n\t\t\t\t\t<\/a>\n\t\t\t\t<\/div>\n\t\t\t\t\t\t\t\t<\/div>\n\t\t\t\t<\/div>\n\t\t\t\t\t<\/div>\n\t\t<\/div>\n\t\t\t\t\t<\/div>\n\t\t<\/section>\n\t\t\t\t<\/div>\n\t\t","protected":false},"excerpt":{"rendered":"<p>WIR SUCHEN DICH! Ergotherapeut\/in Vollzeit 40h oder Teilzeit 20-30h \u00a0 Wer wir sind: Die Mutter-Kind-Einrichtung ist eine sozialp\u00e4dagogische Einrichtung der freien Jugendhilfe, die sich von ihrer Betreuungsausrichtung als eine Einrichtung versteht, die sozialp\u00e4dagogische und therapeutische Angebote vorh\u00e4lt. Diese sind auf die Bed\u00fcrfnisse von (werdenden) M\u00fcttern und Kindern &#8211; auch in schwierigsten Lebenssituationen ausgerichtet. Die Einrichtung&hellip;<\/p>\n","protected":false},"author":2,"featured_media":0,"parent":0,"menu_order":0,"comment_status":"closed","ping_status":"closed","template":"","meta":{"footnotes":""},"class_list":["post-1378","page","type-page","status-publish","hentry"],"_links":{"self":[{"href":"https:\/\/www.mutter-kind-betreuung.de\/index.php?rest_route=\/wp\/v2\/pages\/1378","targetHints":{"allow":["GET"]}}],"collection":[{"href":"https:\/\/www.mutter-kind-betreuung.de\/index.php?rest_route=\/wp\/v2\/pages"}],"about":[{"href":"https:\/\/www.mutter-kind-betreuung.de\/index.php?rest_route=\/wp\/v2\/types\/page"}],"author":[{"embeddable":true,"href":"https:\/\/www.mutter-kind-betreuung.de\/index.php?rest_route=\/wp\/v2\/users\/2"}],"replies":[{"embeddable":true,"href":"https:\/\/www.mutter-kind-betreuung.de\/index.php?rest_route=%2Fwp%2Fv2%2Fcomments&post=1378"}],"version-history":[{"count":23,"href":"https:\/\/www.mutter-kind-betreuung.de\/index.php?rest_route=\/wp\/v2\/pages\/1378\/revisions"}],"predecessor-version":[{"id":15276,"href":"https:\/\/www.mutter-kind-betreuung.de\/index.php?rest_route=\/wp\/v2\/pages\/1378\/revisions\/15276"}],"wp:attachment":[{"href":"https:\/\/www.mutter-kind-betreuung.de\/index.php?rest_route=%2Fwp%2Fv2%2Fmedia&parent=1378"}],"curies":[{"name":"wp","href":"https:\/\/api.w.org\/{rel}","templated":true}]}}